{"id":1094,"date":"2024-05-07T12:58:17","date_gmt":"2024-05-07T12:58:17","guid":{"rendered":"https:\/\/www.collegejeanlurcat.com\/site\/?page_id=1094"},"modified":"2025-06-13T09:42:30","modified_gmt":"2025-06-13T09:42:30","slug":"webradio-le-club","status":"publish","type":"page","link":"https:\/\/www.collegejeanlurcat.com\/site\/web-radio-du-college\/webradio-le-club\/","title":{"rendered":"Webradio: le club"},"content":{"rendered":"\n<p>Depuis la rentr\u00e9e 2023 le coll\u00e8ge propose un club webradio. Il est ouvert \u00e0 tous les \u00e9l\u00e8ves de 4e et de 3e, chaque mardi de 12h30 \u00e0 13h30. \u00c9ducation aux m\u00e9dias, enregistrements, montage, les \u00e9l\u00e8ves apprennent petit \u00e0 petit \u00e0 devenir autonome pour produire leur propre \u00e9mission de radio. Voici leurs productions<\/p>\n\n\n\n<h3 class=\"wp-block-heading\">\u00c9mission sp\u00e9ciale<\/h3>\n\n\n\n<figure class=\"wp-block-image size-full is-resized\"><a href=\"https:\/\/playerbeta.radioeducation.saooti.org\/miniplayer\/default\/736674?distributorId=08f2f74e-2fc3-4eb7-b5a8-4b47c9df0685&amp;color=40a372&amp;theme=ffffff&amp;wave=false\" target=\"_blank\" rel=\" noreferrer noopener\"><img loading=\"lazy\" decoding=\"async\" width=\"813\" height=\"768\" src=\"https:\/\/www.collegejeanlurcat.com\/site\/wp-content\/uploads\/2025\/04\/Football_feminin_icon-fr.svg_.png\" alt=\"\" class=\"wp-image-1419\" style=\"width:145px;height:auto\" srcset=\"https:\/\/www.collegejeanlurcat.com\/site\/wp-content\/uploads\/2025\/04\/Football_feminin_icon-fr.svg_.png 813w, https:\/\/www.collegejeanlurcat.com\/site\/wp-content\/uploads\/2025\/04\/Football_feminin_icon-fr.svg_-300x283.png 300w, https:\/\/www.collegejeanlurcat.com\/site\/wp-content\/uploads\/2025\/04\/Football_feminin_icon-fr.svg_-768x725.png 768w\" sizes=\"auto, (max-width: 813px) 100vw, 813px\" \/><\/a><\/figure>\n\n\n\n<p>Un \u00e9v\u00e9nement s&rsquo;est d\u00e9roul\u00e9 sur la pause m\u00e9ridienne un peu avant les derni\u00e8res vacances: un tournoi de foot f\u00e9minin. Nos journalistes \u00e9taient sur place pour couvrir l&rsquo;\u00e9v\u00e9nement.<\/p>\n\n\n\n<p>\u00c9coutez leur reportage en cliquant sur <a href=\"https:\/\/playerbeta.radioeducation.saooti.org\/miniplayer\/default\/736674?distributorId=08f2f74e-2fc3-4eb7-b5a8-4b47c9df0685&amp;color=40a372&amp;theme=ffffff&amp;wave=false\" data-type=\"link\" data-id=\"https:\/\/api.radioeducation.saooti.org\/podcast\/download\/736674.mp3\" target=\"_blank\" rel=\"noreferrer noopener\">ce lien<\/a>.<\/p>\n\n\n\n<hr class=\"wp-block-separator has-css-opacity is-style-default\"\/>\n\n\n\n<hr class=\"wp-block-separator has-css-opacity is-style-default\"\/>\n\n\n\n<h3 class=\"wp-block-heading\"><strong><a href=\"https:\/\/playerbeta.radioeducation.saooti.org\/miniplayer\/emission\/2726\/3?distributorId=08f2f74e-2fc3-4eb7-b5a8-4b47c9df0685&amp;color=40a372&amp;theme=ffffff&amp;wave=false\" target=\"_blank\" rel=\"noreferrer noopener nofollow\">Annonces<\/a><\/strong><\/h3>\n\n\n\n<p>Cette ann\u00e9e les \u00e9l\u00e8ves du club radio ont commenc\u00e9 par un travail sur la pr\u00e9sentation des \u00e9v\u00e9nements qui animent le coll\u00e8ge:<\/p>\n\n\n\n<ul class=\"wp-block-list\">\n<li><a href=\"https:\/\/playerbeta.radioeducation.saooti.org\/miniplayer\/default\/13746?distributorId=08f2f74e-2fc3-4eb7-b5a8-4b47c9df0685&amp;color=40a372&amp;theme=ffffff&amp;wave=false\" target=\"_blank\" rel=\"noreferrer noopener\">Le caf\u00e9 gourmand<\/a><\/li>\n\n\n\n<li><a href=\"https:\/\/storage.gra.cloud.ovh.net\/v1\/AUTH_1db17c9a9c714ce39f508d240f11d920\/education-bucket\/08f2f74e-2fc3-4eb7-b5a8-4b47c9df0685\/e5deb4e0-69ee-4e3d-806b-29e2f32dd3db.mp3\" target=\"_blank\" rel=\"noreferrer noopener\">La journ\u00e9e de l&rsquo;\u00e9l\u00e9gance<\/a><\/li>\n\n\n\n<li><a href=\"https:\/\/playerbeta.radioeducation.saooti.org\/miniplayer\/default\/13029?distributorId=08f2f74e-2fc3-4eb7-b5a8-4b47c9df0685&amp;color=40a372&amp;theme=ffffff&amp;wave=false\" target=\"_blank\" rel=\"noreferrer noopener\">Un apr\u00e8s-midi \u00e0 la patinoire<\/a><\/li>\n\n\n\n<li><a href=\"https:\/\/playerbeta.radioeducation.saooti.org\/miniplayer\/default\/12919?distributorId=08f2f74e-2fc3-4eb7-b5a8-4b47c9df0685&amp;color=40a372&amp;theme=ffffff&amp;wave=false\" target=\"_blank\" rel=\"noreferrer noopener\">Caf\u00e9 gourmand de la SEGPA<\/a><\/li>\n<\/ul>\n\n\n\n<h2 class=\"wp-block-heading\">\u00c9missions 2025-2026<\/h2>\n\n\n\n<div class=\"wp-block-columns alignfull has-pale-cyan-blue-background-color has-text-color has-background is-layout-flex wp-container-core-columns-is-layout-28f84493 wp-block-columns-is-layout-flex\" style=\"color:#000000\">\n<div class=\"wp-block-column is-layout-flow wp-block-column-is-layout-flow\">\n<h3 class=\"wp-block-heading\" style=\"font-size:24px;line-height:1.3\"><strong><a href=\"https:\/\/radioeducation.saooti.org\/main\/pub\/podcast\/10275?productor=08f2f74e-2fc3-4eb7-b5a8-4b47c9df0685\" target=\"_blank\" rel=\"noreferrer noopener\"><\/a><\/strong><\/h3>\n\n\n\n<table style=\"background:#FFFFFF;color:#000000;table-layout: fixed;width:100%;font-size: 14px;\">\n<tr>\n<td valign=\"top\" width=\"30%\" rowspan=\"7\" style=\"padding-right:5px;\"><img decoding=\"async\" width=\"100%\" src=\"https:\/\/storage.gra.cloud.ovh.net\/v1\/AUTH_1db17c9a9c714ce39f508d240f11d920\/education-bucket\/97aadf8a-bf49-4356-a58b-5ac66b10b277\/6b69d7a2-c506-49ff-9aab-f27c467c68ee.jpg\" alt=\"Image de l'\u00e9mission\" style=\"border-radius: 4px;\"><\/td>\n<td valign=\"top\" width=\"70%\" style=\"padding:5px 0;\"><div style=\"margin-top:5px;font-size: 20px;overflow: hidden;text-overflow: ellipsis;white-space: nowrap;font-weight:bold;color:#40a372;\">Salut les gameurs<\/div><\/td>\n<\/tr>\n<tr><td style=\"padding:5px 0;\"><div style=\"overflow: hidden;display: -webkit-box;-webkit-line-clamp: 6;-webkit-box-orient: vertical;word-break: break-word;\">Une \u00e9mission de deux amis, qui parle de jeux vid\u00e9os en tous genre: pr\u00e9sentation de jeux, funfacts et histoires critiques, b\u00e9gaiements et autres&#8230; Max et Kiki sont l\u00e0 pour vous amuser et vous casser les oreilles!<\/div><\/td><\/tr>\n<tr><td valign=\"top\" style=\"padding:5px 0;\"><a href=\"https:\/\/radioeducation.saooti.org\/main\/pub\/emission\/3136?productor=08f2f74e-2fc3-4eb7-b5a8-4b47c9df0685\" style=\"color: #40a372;\">Voir Plus<\/a><\/td><\/tr>\n<tr>\n<td width=\"1\" style=\"padding:5px 0;\"><a href=\"https:\/\/radioeducation.saooti.org\/main\/pub\/emission\/3136?productor=08f2f74e-2fc3-4eb7-b5a8-4b47c9df0685\" style=\"font-size: 18px;color: #40a372;text-decoration: none; display:flex;\"><svg xmlns=\"http:\/\/www.w3.org\/2000\/svg\" width=\"50\" height=\"50\" viewBox=\"0 0 24 24\"><path fill=\"currentColor\" d=\"m9.5 16.5l7-4.5l-7-4.5zM12 22q-2.075 0-3.9-.788t-3.175-2.137q-1.35-1.35-2.137-3.175T2 12q0-2.075.788-3.9t2.137-3.175q1.35-1.35 3.175-2.137T12 2q2.075 0 3.9.788t3.175 2.137q1.35 1.35 2.138 3.175T22 12q0 2.075-.788 3.9t-2.137 3.175q-1.35 1.35-3.175 2.138T12 22\"\/><\/svg><div style=\"margin-top: 15px; color:#000000;\">\u00c9couter tous les \u00e9pisodes<\/div><\/a><\/td>\n<\/tr>\n<\/table>\n\n\n\n<h3 class=\"wp-block-heading\" style=\"font-size:24px;line-height:1.3\"><\/h3>\n\n\n\n<table style=\"background:#FFFFFF;color:#000000;table-layout: fixed;width:100%;font-size: 14px;\">\n<tr>\n<td valign=\"top\" width=\"30%\" rowspan=\"7\" style=\"padding-right:5px;\"><img decoding=\"async\" width=\"100%\" src=\"https:\/\/storage.gra.cloud.ovh.net\/v1\/AUTH_1db17c9a9c714ce39f508d240f11d920\/education-bucket\/08f2f74e-2fc3-4eb7-b5a8-4b47c9df0685\/cffd12d4-186e-4ac8-a069-e8ce598b4747.jpg\" alt=\"Image de l'\u00e9pisode Les sorties les plus attendues\" style=\"border-radius: 4px;\"><\/td>\n<td valign=\"top\" width=\"70%\" style=\"padding:5px 0;\"><div style=\"margin-top:5px;font-size: 20px;overflow: hidden;text-overflow: ellipsis;white-space: nowrap;font-weight:bold;color:#000000;\">Les sorties les plus attendues<\/div><\/td>\n<\/tr><tr><td style=\"padding:5px 0;\">\n          <div style=\"display:flex; margin-top:5px;\">\n          <div style=\"font-size:16px; color:#000000; margin-right:5px;text-wrap: nowrap;\">\u00c9mission :<\/div>\n          <a href=\"https:\/\/radioeducation.saooti.org\/main\/pub\/podcast\/736755?productor=08f2f74e-2fc3-4eb7-b5a8-4b47c9df0685\" style=\"font-size: 16px;color: #40a372;overflow: hidden;text-overflow: ellipsis;white-space: nowrap;\">Salut les gameurs<\/a>\n          <\/div><\/td><\/tr>\n<tr><td style=\"padding:5px 0;\"><div style=\"overflow: hidden;display: -webkit-box;-webkit-line-clamp: 6;-webkit-box-orient: vertical;word-break: break-word;\">Voici notre s\u00e9lection des jeux les plus attendus de 2025: GTA VI, POKEMON Z-A, METROIDE PRIME et 4 little Nightmares.<\/div><\/td><\/tr>\n<tr><td valign=\"top\" style=\"padding:5px 0;\"><a href=\"https:\/\/radioeducation.saooti.org\/main\/pub\/podcast\/736755?productor=08f2f74e-2fc3-4eb7-b5a8-4b47c9df0685\" style=\"color: #40a372;\">Voir Plus<\/a><\/td><\/tr>\n<tr>\n<td width=\"1\" style=\"padding:5px 0;\"><a href=\"https:\/\/radioeducation.saooti.org\/main\/pub\/podcast\/736755?productor=08f2f74e-2fc3-4eb7-b5a8-4b47c9df0685\" style=\"font-size: 18px;color: #40a372;text-decoration: none; display:flex;\"><svg xmlns=\"http:\/\/www.w3.org\/2000\/svg\" width=\"50\" height=\"50\" viewBox=\"0 0 24 24\"><path fill=\"currentColor\" d=\"m9.5 16.5l7-4.5l-7-4.5zM12 22q-2.075 0-3.9-.788t-3.175-2.137q-1.35-1.35-2.137-3.175T2 12q0-2.075.788-3.9t2.137-3.175q1.35-1.35 3.175-2.137T12 2q2.075 0 3.9.788t3.175 2.137q1.35 1.35 2.138 3.175T22 12q0 2.075-.788 3.9t-2.137 3.175q-1.35 1.35-3.175 2.138T12 22\"\/><\/svg><div style=\"margin-top: 15px; color:#000000;\">\u00c9couter ce podcast<\/div><\/a><\/td>\n<\/tr>\n<\/table>\n\n\n\n<p><\/p>\n\n\n\n<p><\/p>\n<\/div>\n\n\n\n<div class=\"wp-block-column is-layout-flow wp-block-column-is-layout-flow\">\n<table style=\"background:#FFFFFF;color:#000000;table-layout: fixed;width:100%;font-size: 14px;\">\n<tr>\n<td valign=\"top\" width=\"30%\" rowspan=\"7\" style=\"padding-right:5px;\"><img decoding=\"async\" width=\"100%\" src=\"https:\/\/storage.gra.cloud.ovh.net\/v1\/AUTH_1db17c9a9c714ce39f508d240f11d920\/education-bucket\/08f2f74e-2fc3-4eb7-b5a8-4b47c9df0685\/38de2514-37d1-4570-9ce0-57958c89c871.jpg\" alt=\"Image de l'\u00e9mission\" style=\"border-radius: 4px;\"><\/td>\n<td valign=\"top\" width=\"70%\" style=\"padding:5px 0;\"><div style=\"margin-top:5px;font-size: 20px;overflow: hidden;text-overflow: ellipsis;white-space: nowrap;font-weight:bold;color:#40a372;\">La Cor\u00e9e du Sud<\/div><\/td>\n<\/tr>\n<tr><td style=\"padding:5px 0;\"><div style=\"overflow: hidden;display: -webkit-box;-webkit-line-clamp: 6;-webkit-box-orient: vertical;word-break: break-word;\">Dans cette \u00e9mission je vous pr\u00e9senterai la Cor\u00e9e du sud sous tous ses aspects. Venez \u00e9couter je vous promets vous ne serez pas d\u00e9\u00e7us.<\/div><\/td><\/tr>\n<tr><td valign=\"top\" style=\"padding:5px 0;\"><a href=\"https:\/\/radioeducation.saooti.org\/main\/pub\/emission\/3220?productor=08f2f74e-2fc3-4eb7-b5a8-4b47c9df0685\" style=\"color: #40a372;\">Voir Plus<\/a><\/td><\/tr>\n<tr>\n<td width=\"1\" style=\"padding:5px 0;\"><a href=\"https:\/\/radioeducation.saooti.org\/main\/pub\/emission\/3220?productor=08f2f74e-2fc3-4eb7-b5a8-4b47c9df0685\" style=\"font-size: 18px;color: #40a372;text-decoration: none; display:flex;\"><svg xmlns=\"http:\/\/www.w3.org\/2000\/svg\" width=\"50\" height=\"50\" viewBox=\"0 0 24 24\"><path fill=\"currentColor\" d=\"m9.5 16.5l7-4.5l-7-4.5zM12 22q-2.075 0-3.9-.788t-3.175-2.137q-1.35-1.35-2.137-3.175T2 12q0-2.075.788-3.9t2.137-3.175q1.35-1.35 3.175-2.137T12 2q2.075 0 3.9.788t3.175 2.137q1.35 1.35 2.138 3.175T22 12q0 2.075-.788 3.9t-2.137 3.175q-1.35 1.35-3.175 2.138T12 22\"\/><\/svg><div style=\"margin-top: 15px; color:#000000;\">\u00c9couter tous les \u00e9pisodes<\/div><\/a><\/td>\n<\/tr>\n<\/table>\n\n\n\n<table style=\"background:#FFFFFF;color:#000000;table-layout: fixed;width:100%;font-size: 14px;\">\n<tr>\n<td valign=\"top\" width=\"30%\" rowspan=\"7\" style=\"padding-right:5px;\"><img decoding=\"async\" width=\"100%\" src=\"https:\/\/storage.gra.cloud.ovh.net\/v1\/AUTH_1db17c9a9c714ce39f508d240f11d920\/education-bucket\/08f2f74e-2fc3-4eb7-b5a8-4b47c9df0685\/38de2514-37d1-4570-9ce0-57958c89c871.jpg\" alt=\"Image de l'\u00e9pisode Aujourd\u2019hui je vous pr\u00e9sente la Cor\u00e9e du Sud\" style=\"border-radius: 4px;\"><\/td>\n<td valign=\"top\" width=\"70%\" style=\"padding:5px 0;\"><div style=\"margin-top:5px;font-size: 20px;overflow: hidden;text-overflow: ellipsis;white-space: nowrap;font-weight:bold;color:#000000;\">Aujourd\u2019hui je vous pr\u00e9sente la Cor\u00e9e du Sud<\/div><\/td>\n<\/tr><tr><td style=\"padding:5px 0;\">\n          <div style=\"display:flex; margin-top:5px;\">\n          <div style=\"font-size:16px; color:#000000; margin-right:5px;text-wrap: nowrap;\">\u00c9mission :<\/div>\n          <a href=\"https:\/\/radioeducation.saooti.org\/main\/pub\/podcast\/737228?productor=08f2f74e-2fc3-4eb7-b5a8-4b47c9df0685\" style=\"font-size: 16px;color: #40a372;overflow: hidden;text-overflow: ellipsis;white-space: nowrap;\">La Cor\u00e9e du Sud<\/a>\n          <\/div><\/td><\/tr>\n<tr><td style=\"padding:5px 0;\"><div style=\"overflow: hidden;display: -webkit-box;-webkit-line-clamp: 6;-webkit-box-orient: vertical;word-break: break-word;\"><p>Dans ce premier \u00e9pisode je vous propose d\u2019en apprendre plus sur la Cor\u00e9e du sud. Nous parlerons de sa superficie, sa capitale et encore plein de choses.<\/p><p><br><\/p><\/div><\/td><\/tr>\n<tr><td valign=\"top\" style=\"padding:5px 0;\"><a href=\"https:\/\/radioeducation.saooti.org\/main\/pub\/podcast\/737228?productor=08f2f74e-2fc3-4eb7-b5a8-4b47c9df0685\" style=\"color: #40a372;\">Voir Plus<\/a><\/td><\/tr>\n<tr>\n<td width=\"1\" style=\"padding:5px 0;\"><a href=\"https:\/\/radioeducation.saooti.org\/main\/pub\/podcast\/737228?productor=08f2f74e-2fc3-4eb7-b5a8-4b47c9df0685\" style=\"font-size: 18px;color: #40a372;text-decoration: none; display:flex;\"><svg xmlns=\"http:\/\/www.w3.org\/2000\/svg\" width=\"50\" height=\"50\" viewBox=\"0 0 24 24\"><path fill=\"currentColor\" d=\"m9.5 16.5l7-4.5l-7-4.5zM12 22q-2.075 0-3.9-.788t-3.175-2.137q-1.35-1.35-2.137-3.175T2 12q0-2.075.788-3.9t2.137-3.175q1.35-1.35 3.175-2.137T12 2q2.075 0 3.9.788t3.175 2.137q1.35 1.35 2.138 3.175T22 12q0 2.075-.788 3.9t-2.137 3.175q-1.35 1.35-3.175 2.138T12 22\"\/><\/svg><div style=\"margin-top: 15px; color:#000000;\">\u00c9couter ce podcast<\/div><\/a><\/td>\n<\/tr>\n<\/table>\n<\/div>\n<\/div>\n\n\n\n<div class=\"wp-block-columns alignfull has-pale-cyan-blue-background-color has-text-color has-background is-layout-flex wp-container-core-columns-is-layout-28f84493 wp-block-columns-is-layout-flex\" style=\"color:#000000\">\n<div class=\"wp-block-column is-layout-flow wp-block-column-is-layout-flow\">\n<h3 class=\"wp-block-heading\" style=\"font-size:24px;line-height:1.3\"><strong><a href=\"https:\/\/radioeducation.saooti.org\/main\/pub\/podcast\/10275?productor=08f2f74e-2fc3-4eb7-b5a8-4b47c9df0685\" target=\"_blank\" rel=\"noreferrer noopener\"><\/a><\/strong><\/h3>\n\n\n\n<table style=\"background:#FFFFFF;color:#000000;table-layout: fixed;width:100%;font-size: 14px;\">\n<tr>\n<td valign=\"top\" width=\"30%\" rowspan=\"7\" style=\"padding-right:5px;\"><img decoding=\"async\" width=\"100%\" src=\"https:\/\/storage.gra.cloud.ovh.net\/v1\/AUTH_1db17c9a9c714ce39f508d240f11d920\/education-bucket\/08f2f74e-2fc3-4eb7-b5a8-4b47c9df0685\/6d6849e4-5d8a-45e6-84ad-4ca060bbbeb0.jpg\" alt=\"Image de l'\u00e9mission\" style=\"border-radius: 4px;\"><\/td>\n<td valign=\"top\" width=\"70%\" style=\"padding:5px 0;\"><div style=\"margin-top:5px;font-size: 20px;overflow: hidden;text-overflow: ellipsis;white-space: nowrap;font-weight:bold;color:#40a372;\">La banane<\/div><\/td>\n<\/tr>\n<tr><td style=\"padding:5px 0;\"><div style=\"overflow: hidden;display: -webkit-box;-webkit-line-clamp: 6;-webkit-box-orient: vertical;word-break: break-word;\">Pourquoi ce nom ? Parce que lorsqu\u2019on rigole, on a la banane et car au d\u00e9part, notre \u00e9mission \u00e9tait port\u00e9e sur des anecdotes \u00e9tonnantes et l\u2019une d\u2019elles parlait de la banane : Saviez-vous que les \u00eatres humains ont 50 % d\u2019ADN en commun avec la banane ? Ce qui explique le comportement de certains\u2026 !<\/div><\/td><\/tr>\n<tr><td valign=\"top\" style=\"padding:5px 0;\"><a href=\"https:\/\/radioeducation.saooti.org\/main\/pub\/emission\/2929?productor=08f2f74e-2fc3-4eb7-b5a8-4b47c9df0685\" style=\"color: #40a372;\">Voir Plus<\/a><\/td><\/tr>\n<tr>\n<td width=\"1\" style=\"padding:5px 0;\"><a href=\"https:\/\/radioeducation.saooti.org\/main\/pub\/emission\/2929?productor=08f2f74e-2fc3-4eb7-b5a8-4b47c9df0685\" style=\"font-size: 18px;color: #40a372;text-decoration: none; display:flex;\"><svg xmlns=\"http:\/\/www.w3.org\/2000\/svg\" width=\"50\" height=\"50\" viewBox=\"0 0 24 24\"><path fill=\"currentColor\" d=\"m9.5 16.5l7-4.5l-7-4.5zM12 22q-2.075 0-3.9-.788t-3.175-2.137q-1.35-1.35-2.137-3.175T2 12q0-2.075.788-3.9t2.137-3.175q1.35-1.35 3.175-2.137T12 2q2.075 0 3.9.788t3.175 2.137q1.35 1.35 2.138 3.175T22 12q0 2.075-.788 3.9t-2.137 3.175q-1.35 1.35-3.175 2.138T12 22\"\/><\/svg><div style=\"margin-top: 15px; color:#000000;\">\u00c9couter tous les \u00e9pisodes<\/div><\/a><\/td>\n<\/tr>\n<\/table>\n\n\n\n<p>\u00e9pisode 1: <a href=\"https:\/\/playerbeta.radioeducation.saooti.org\/miniplayer\/emission\/2929\/3?distributorId=08f2f74e-2fc3-4eb7-b5a8-4b47c9df0685&amp;color=40a372&amp;theme=ffffff&amp;wave=false\" target=\"_blank\" rel=\"noreferrer noopener\"><\/a><a href=\"https:\/\/playerbeta.radioeducation.saooti.org\/miniplayer\/emission\/2929\/0?distributorId=08f2f74e-2fc3-4eb7-b5a8-4b47c9df0685&amp;color=40a372&amp;theme=ffffff&amp;wave=false\" target=\"_blank\" rel=\"noreferrer noopener\">La vie scolaire<\/a><\/p>\n\n\n\n<table style=\"background:#FFFFFF;color:#000000;table-layout: fixed;width:100%;font-size: 14px;\">\n<tr>\n<td valign=\"top\" width=\"30%\" rowspan=\"7\" style=\"padding-right:5px;\"><img decoding=\"async\" width=\"100%\" src=\"https:\/\/storage.gra.cloud.ovh.net\/v1\/AUTH_1db17c9a9c714ce39f508d240f11d920\/education-bucket\/08f2f74e-2fc3-4eb7-b5a8-4b47c9df0685\/6d6849e4-5d8a-45e6-84ad-4ca060bbbeb0.jpg\" alt=\"Image de l'\u00e9pisode La vie scolaire\" style=\"border-radius: 4px;\"><\/td>\n<td valign=\"top\" width=\"70%\" style=\"padding:5px 0;\"><div style=\"margin-top:5px;font-size: 20px;overflow: hidden;text-overflow: ellipsis;white-space: nowrap;font-weight:bold;color:#000000;\">La vie scolaire<\/div><\/td>\n<\/tr><tr><td style=\"padding:5px 0;\">\n          <div style=\"display:flex; margin-top:5px;\">\n          <div style=\"font-size:16px; color:#000000; margin-right:5px;text-wrap: nowrap;\">\u00c9mission :<\/div>\n          <a href=\"https:\/\/radioeducation.saooti.org\/main\/pub\/podcast\/13711?productor=08f2f74e-2fc3-4eb7-b5a8-4b47c9df0685\" style=\"font-size: 16px;color: #40a372;overflow: hidden;text-overflow: ellipsis;white-space: nowrap;\">La banane<\/a>\n          <\/div><\/td><\/tr>\n<tr><td style=\"padding:5px 0;\"><div style=\"overflow: hidden;display: -webkit-box;-webkit-line-clamp: 6;-webkit-box-orient: vertical;word-break: break-word;\">Premier \u00e9pisode de l\u2019\u00e9mission o\u00f9 nous vous parlons des clich\u00e9s de la vie scolaire. Nous sommes d\u00e9butantes, alors soyez indulgents sur nos blagues ! Pourquoi ce nom ? Parce que lorsqu\u2019on rigole, on a la banane et car au d\u00e9part, notre \u00e9mission \u00e9tait port\u00e9e sur des anecdotes \u00e9tonnantes et l\u2019une d\u2019elles parlait de la banane : Saviez-vous que les \u00eatres humains ont 50 % d\u2019ADN en commun avec la banane ? Ce qui explique le comportement de certains\u2026 !<\/div><\/td><\/tr>\n<tr><td valign=\"top\" style=\"padding:5px 0;\"><a href=\"https:\/\/radioeducation.saooti.org\/main\/pub\/podcast\/13711?productor=08f2f74e-2fc3-4eb7-b5a8-4b47c9df0685\" style=\"color: #40a372;\">Voir Plus<\/a><\/td><\/tr>\n<tr>\n<td width=\"1\" style=\"padding:5px 0;\"><a href=\"https:\/\/radioeducation.saooti.org\/main\/pub\/podcast\/13711?productor=08f2f74e-2fc3-4eb7-b5a8-4b47c9df0685\" style=\"font-size: 18px;color: #40a372;text-decoration: none; display:flex;\"><svg xmlns=\"http:\/\/www.w3.org\/2000\/svg\" width=\"50\" height=\"50\" viewBox=\"0 0 24 24\"><path fill=\"currentColor\" d=\"m9.5 16.5l7-4.5l-7-4.5zM12 22q-2.075 0-3.9-.788t-3.175-2.137q-1.35-1.35-2.137-3.175T2 12q0-2.075.788-3.9t2.137-3.175q1.35-1.35 3.175-2.137T12 2q2.075 0 3.9.788t3.175 2.137q1.35 1.35 2.138 3.175T22 12q0 2.075-.788 3.9t-2.137 3.175q-1.35 1.35-3.175 2.138T12 22\"\/><\/svg><div style=\"margin-top: 15px; color:#000000;\">\u00c9couter ce podcast<\/div><\/a><\/td>\n<\/tr>\n<\/table>\n\n\n\n<p>\u00e9pisode 2: <a href=\"https:\/\/playerbeta.radioeducation.saooti.org\/miniplayer\/default\/736900?distributorId=08f2f74e-2fc3-4eb7-b5a8-4b47c9df0685&amp;color=40a372&amp;theme=ffffff&amp;wave=false\" target=\"_blank\" rel=\"noreferrer noopener\">Le brevet: : Profs V\/S \u00e9l\u00e8ves<\/a><\/p>\n\n\n\n<table style=\"background:#FFFFFF;color:#000000;table-layout: fixed;width:100%;font-size: 14px;\">\n<tr>\n<td valign=\"top\" width=\"30%\" rowspan=\"7\" style=\"padding-right:5px;\"><img decoding=\"async\" width=\"100%\" src=\"https:\/\/storage.gra.cloud.ovh.net\/v1\/AUTH_1db17c9a9c714ce39f508d240f11d920\/education-bucket\/08f2f74e-2fc3-4eb7-b5a8-4b47c9df0685\/a14953de-18f6-4ad6-bf64-fd81a564da85.jpg\" alt=\"Image de l'\u00e9pisode Le BREVET\u00a0: Profs V\/S \u00e9l\u00e8ves\" style=\"border-radius: 4px;\"><\/td>\n<td valign=\"top\" width=\"70%\" style=\"padding:5px 0;\"><div style=\"margin-top:5px;font-size: 20px;overflow: hidden;text-overflow: ellipsis;white-space: nowrap;font-weight:bold;color:#000000;\">Le BREVET\u00a0: Profs V\/S \u00e9l\u00e8ves<\/div><\/td>\n<\/tr><tr><td style=\"padding:5px 0;\">\n          <div style=\"display:flex; margin-top:5px;\">\n          <div style=\"font-size:16px; color:#000000; margin-right:5px;text-wrap: nowrap;\">\u00c9mission :<\/div>\n          <a href=\"https:\/\/radioeducation.saooti.org\/main\/pub\/podcast\/736900?productor=08f2f74e-2fc3-4eb7-b5a8-4b47c9df0685\" style=\"font-size: 16px;color: #40a372;overflow: hidden;text-overflow: ellipsis;white-space: nowrap;\">La banane<\/a>\n          <\/div><\/td><\/tr>\n<tr><td style=\"padding:5px 0;\"><div style=\"overflow: hidden;display: -webkit-box;-webkit-line-clamp: 6;-webkit-box-orient: vertical;word-break: break-word;\"><p>Deuxi\u00e8me \u00e9pisode de l\u2019\u00e9mission o\u00f9 nous abordons le sujet du brevet \u00e0 partir de 2 points de vue diff\u00e9rents : celui des professeurs et celui des \u00e9l\u00e8ves. Vous verrez que l\u2019approche est vraiment tr\u00e8s diff\u00e9rente. <span>Nous esp\u00e9rons que ce nouvel \u00e9pisode vous plaira autant que le 1er, voir plus. <\/span>Vous allez nous demander pourquoi est-ce que nous nous appliquons autant sur notre langage dans les r\u00e9sum\u00e9s. Et bien nous ne savons pas non plus.<\/p><\/div><\/td><\/tr>\n<tr><td valign=\"top\" style=\"padding:5px 0;\"><a href=\"https:\/\/radioeducation.saooti.org\/main\/pub\/podcast\/736900?productor=08f2f74e-2fc3-4eb7-b5a8-4b47c9df0685\" style=\"color: #40a372;\">Voir Plus<\/a><\/td><\/tr>\n<tr>\n<td width=\"1\" style=\"padding:5px 0;\"><a href=\"https:\/\/radioeducation.saooti.org\/main\/pub\/podcast\/736900?productor=08f2f74e-2fc3-4eb7-b5a8-4b47c9df0685\" style=\"font-size: 18px;color: #40a372;text-decoration: none; display:flex;\"><svg xmlns=\"http:\/\/www.w3.org\/2000\/svg\" width=\"50\" height=\"50\" viewBox=\"0 0 24 24\"><path fill=\"currentColor\" d=\"m9.5 16.5l7-4.5l-7-4.5zM12 22q-2.075 0-3.9-.788t-3.175-2.137q-1.35-1.35-2.137-3.175T2 12q0-2.075.788-3.9t2.137-3.175q1.35-1.35 3.175-2.137T12 2q2.075 0 3.9.788t3.175 2.137q1.35 1.35 2.138 3.175T22 12q0 2.075-.788 3.9t-2.137 3.175q-1.35 1.35-3.175 2.138T12 22\"\/><\/svg><div style=\"margin-top: 15px; color:#000000;\">\u00c9couter ce podcast<\/div><\/a><\/td>\n<\/tr>\n<\/table>\n\n\n\n<table style=\"background:#FFFFFF;color:#000000;table-layout: fixed;width:100%;font-size: 14px;\">\n<tr>\n<td valign=\"top\" width=\"30%\" rowspan=\"7\" style=\"padding-right:5px;\"><img decoding=\"async\" width=\"100%\" src=\"https:\/\/storage.gra.cloud.ovh.net\/v1\/AUTH_1db17c9a9c714ce39f508d240f11d920\/education-bucket\/08f2f74e-2fc3-4eb7-b5a8-4b47c9df0685\/4a3d5212-d004-4ee9-8757-830587dec07c.jpg\" alt=\"Image de l'\u00e9pisode Le carnaval\" style=\"border-radius: 4px;\"><\/td>\n<td valign=\"top\" width=\"70%\" style=\"padding:5px 0;\"><div style=\"margin-top:5px;font-size: 20px;overflow: hidden;text-overflow: ellipsis;white-space: nowrap;font-weight:bold;color:#000000;\">Le carnaval<\/div><\/td>\n<\/tr><tr><td style=\"padding:5px 0;\">\n          <div style=\"display:flex; margin-top:5px;\">\n          <div style=\"font-size:16px; color:#000000; margin-right:5px;text-wrap: nowrap;\">\u00c9mission :<\/div>\n          <a href=\"https:\/\/radioeducation.saooti.org\/main\/pub\/podcast\/737503?productor=08f2f74e-2fc3-4eb7-b5a8-4b47c9df0685\" style=\"font-size: 16px;color: #40a372;overflow: hidden;text-overflow: ellipsis;white-space: nowrap;\">La banane<\/a>\n          <\/div><\/td><\/tr>\n<tr><td style=\"padding:5px 0;\"><div style=\"overflow: hidden;display: -webkit-box;-webkit-line-clamp: 6;-webkit-box-orient: vertical;word-break: break-word;\">D\u00e9j\u00e0 et enfin le troisi\u00e8me \u00e9pisode de notre \u00e9mission ! Aujourd\u2019hui nous avons d\u00e9cid\u00e9 de parodier le carnaval ! \u00c9videmment, tout ce qui est dit dans cette \u00e9mission reste de la caricature faite dans un objectif humoristique. Nous nous excusons par avance si cela porte atteinte \u00e0 votre honneur. Cette \u00e9mission ne peut en aucun cas \u00eatre consid\u00e9r\u00e9e comme une source fiable, \u00e0 moins que vous ne soyez adeptes d\u2019une secte du rire qui croit en la banane et en son int\u00e9grit\u00e9.<\/div><\/td><\/tr>\n<tr><td valign=\"top\" style=\"padding:5px 0;\"><a href=\"https:\/\/radioeducation.saooti.org\/main\/pub\/podcast\/737503?productor=08f2f74e-2fc3-4eb7-b5a8-4b47c9df0685\" style=\"color: #40a372;\">Voir Plus<\/a><\/td><\/tr>\n<tr>\n<td width=\"1\" style=\"padding:5px 0;\"><a href=\"https:\/\/radioeducation.saooti.org\/main\/pub\/podcast\/737503?productor=08f2f74e-2fc3-4eb7-b5a8-4b47c9df0685\" style=\"font-size: 18px;color: #40a372;text-decoration: none; display:flex;\"><svg xmlns=\"http:\/\/www.w3.org\/2000\/svg\" width=\"50\" height=\"50\" viewBox=\"0 0 24 24\"><path fill=\"currentColor\" d=\"m9.5 16.5l7-4.5l-7-4.5zM12 22q-2.075 0-3.9-.788t-3.175-2.137q-1.35-1.35-2.137-3.175T2 12q0-2.075.788-3.9t2.137-3.175q1.35-1.35 3.175-2.137T12 2q2.075 0 3.9.788t3.175 2.137q1.35 1.35 2.138 3.175T22 12q0 2.075-.788 3.9t-2.137 3.175q-1.35 1.35-3.175 2.138T12 22\"\/><\/svg><div style=\"margin-top: 15px; color:#000000;\">\u00c9couter ce podcast<\/div><\/a><\/td>\n<\/tr>\n<\/table>\n\n<\/div>\n\n\n\n<div class=\"wp-block-column is-layout-flow wp-block-column-is-layout-flow\">\n<table style=\"background:#FFFFFF;color:#000000;table-layout: fixed;width:100%;font-size: 14px;\">\n<tr>\n<td valign=\"top\" width=\"30%\" rowspan=\"7\" style=\"padding-right:5px;\"><img decoding=\"async\" width=\"100%\" src=\"https:\/\/storage.gra.cloud.ovh.net\/v1\/AUTH_1db17c9a9c714ce39f508d240f11d920\/education-bucket\/08f2f74e-2fc3-4eb7-b5a8-4b47c9df0685\/2f314e9e-3c8a-4dca-a98d-0969e4cc0480.jpg\" alt=\"Image de l'\u00e9mission\" style=\"border-radius: 4px;\"><\/td>\n<td valign=\"top\" width=\"70%\" style=\"padding:5px 0;\"><div style=\"margin-top:5px;font-size: 20px;overflow: hidden;text-overflow: ellipsis;white-space: nowrap;font-weight:bold;color:#40a372;\">Game On<\/div><\/td>\n<\/tr>\n<tr><td style=\"padding:5px 0;\"><div style=\"overflow: hidden;display: -webkit-box;-webkit-line-clamp: 6;-webkit-box-orient: vertical;word-break: break-word;\"><p>Dans \u201cGame On !\u201d, nous allons vous pr\u00e9senter nos jeux-vid\u00e9os pr\u00e9f\u00e9r\u00e9s ! Les jeux sont pour la plupart d\u00e9j\u00e0 jou\u00e9 par nous (L\u00e9a, Zo\u00e9 et Maryam).<\/p><p>Bonne \u00e9coute \u00e0 vous et on esp\u00e8re que \u00e7a vous donne envie de jouer !<\/p><\/div><\/td><\/tr>\n<tr><td valign=\"top\" style=\"padding:5px 0;\"><a href=\"https:\/\/radioeducation.saooti.org\/main\/pub\/emission\/3108?productor=08f2f74e-2fc3-4eb7-b5a8-4b47c9df0685\" style=\"color: #40a372;\">Voir Plus<\/a><\/td><\/tr>\n<tr>\n<td width=\"1\" style=\"padding:5px 0;\"><a href=\"https:\/\/radioeducation.saooti.org\/main\/pub\/emission\/3108?productor=08f2f74e-2fc3-4eb7-b5a8-4b47c9df0685\" style=\"font-size: 18px;color: #40a372;text-decoration: none; display:flex;\"><svg xmlns=\"http:\/\/www.w3.org\/2000\/svg\" width=\"50\" height=\"50\" viewBox=\"0 0 24 24\"><path fill=\"currentColor\" d=\"m9.5 16.5l7-4.5l-7-4.5zM12 22q-2.075 0-3.9-.788t-3.175-2.137q-1.35-1.35-2.137-3.175T2 12q0-2.075.788-3.9t2.137-3.175q1.35-1.35 3.175-2.137T12 2q2.075 0 3.9.788t3.175 2.137q1.35 1.35 2.138 3.175T22 12q0 2.075-.788 3.9t-2.137 3.175q-1.35 1.35-3.175 2.138T12 22\"\/><\/svg><div style=\"margin-top: 15px; color:#000000;\">\u00c9couter tous les \u00e9pisodes<\/div><\/a><\/td>\n<\/tr>\n<\/table>\n\n\n\n<p>\u00e9pisode 3: <a href=\"https:\/\/playerbeta.radioeducation.saooti.org\/miniplayer\/default\/737011?distributorId=08f2f74e-2fc3-4eb7-b5a8-4b47c9df0685&amp;color=40a372&amp;theme=ffffff&amp;wave=false\" target=\"_blank\" rel=\"noreferrer noopener\">Le Japon en guerre !<\/a><\/p>\n\n\n\n<table style=\"background:#FFFFFF;color:#000000;table-layout: fixed;width:100%;font-size: 14px;\">\n<tr>\n<td valign=\"top\" width=\"30%\" rowspan=\"7\" style=\"padding-right:5px;\"><img decoding=\"async\" width=\"100%\" src=\"https:\/\/storage.gra.cloud.ovh.net\/v1\/AUTH_1db17c9a9c714ce39f508d240f11d920\/education-bucket\/08f2f74e-2fc3-4eb7-b5a8-4b47c9df0685\/41cb9205-7d05-4825-8c27-fac43532330c.jpg\" alt=\"Image de l'\u00e9pisode Le Japon en guerre !\" style=\"border-radius: 4px;\"><\/td>\n<td valign=\"top\" width=\"70%\" style=\"padding:5px 0;\"><div style=\"margin-top:5px;font-size: 20px;overflow: hidden;text-overflow: ellipsis;white-space: nowrap;font-weight:bold;color:#000000;\">Le Japon en guerre !<\/div><\/td>\n<\/tr><tr><td style=\"padding:5px 0;\">\n          <div style=\"display:flex; margin-top:5px;\">\n          <div style=\"font-size:16px; color:#000000; margin-right:5px;text-wrap: nowrap;\">\u00c9mission :<\/div>\n          <a href=\"https:\/\/radioeducation.saooti.org\/main\/pub\/podcast\/737011?productor=08f2f74e-2fc3-4eb7-b5a8-4b47c9df0685\" style=\"font-size: 16px;color: #40a372;overflow: hidden;text-overflow: ellipsis;white-space: nowrap;\">Game On<\/a>\n          <\/div><\/td><\/tr>\n<tr><td style=\"padding:5px 0;\"><div style=\"overflow: hidden;display: -webkit-box;-webkit-line-clamp: 6;-webkit-box-orient: vertical;word-break: break-word;\"><p>Vous aimez les combats et l\u2019aventure ?<em> Assassin\u2019s creed shadow<\/em> est fait pour vous ! Dans ce 3e \u00e9pisode, c\u2019est Zo\u00e9 et Maryam qui vous le pr\u00e9sentent !<\/p><\/div><\/td><\/tr>\n<tr><td valign=\"top\" style=\"padding:5px 0;\"><a href=\"https:\/\/radioeducation.saooti.org\/main\/pub\/podcast\/737011?productor=08f2f74e-2fc3-4eb7-b5a8-4b47c9df0685\" style=\"color: #40a372;\">Voir Plus<\/a><\/td><\/tr>\n<tr>\n<td width=\"1\" style=\"padding:5px 0;\"><a href=\"https:\/\/radioeducation.saooti.org\/main\/pub\/podcast\/737011?productor=08f2f74e-2fc3-4eb7-b5a8-4b47c9df0685\" style=\"font-size: 18px;color: #40a372;text-decoration: none; display:flex;\"><svg xmlns=\"http:\/\/www.w3.org\/2000\/svg\" width=\"50\" height=\"50\" viewBox=\"0 0 24 24\"><path fill=\"currentColor\" d=\"m9.5 16.5l7-4.5l-7-4.5zM12 22q-2.075 0-3.9-.788t-3.175-2.137q-1.35-1.35-2.137-3.175T2 12q0-2.075.788-3.9t2.137-3.175q1.35-1.35 3.175-2.137T12 2q2.075 0 3.9.788t3.175 2.137q1.35 1.35 2.138 3.175T22 12q0 2.075-.788 3.9t-2.137 3.175q-1.35 1.35-3.175 2.138T12 22\"\/><\/svg><div style=\"margin-top: 15px; color:#000000;\">\u00c9couter ce podcast<\/div><\/a><\/td>\n<\/tr>\n<\/table>\n\n\n\n<p>\u00e9pisode 2: <a href=\"https:\/\/playerbeta.radioeducation.saooti.org\/miniplayer\/default\/736754?distributorId=08f2f74e-2fc3-4eb7-b5a8-4b47c9df0685&amp;color=40a372&amp;theme=ffffff&amp;wave=false\" target=\"_blank\" rel=\"noreferrer noopener\">Le petit chat perdu<\/a><\/p>\n\n\n\n<table style=\"background:#FFFFFF;color:#000000;table-layout: fixed;width:100%;font-size: 14px;\">\n<tr>\n<td valign=\"top\" width=\"30%\" rowspan=\"7\" style=\"padding-right:5px;\"><img decoding=\"async\" width=\"100%\" src=\"https:\/\/storage.gra.cloud.ovh.net\/v1\/AUTH_1db17c9a9c714ce39f508d240f11d920\/education-bucket\/08f2f74e-2fc3-4eb7-b5a8-4b47c9df0685\/85c2d569-cc4f-49ee-a461-1d2b522d34ae.jpg\" alt=\"Image de l'\u00e9pisode Un petit chat perdu\" style=\"border-radius: 4px;\"><\/td>\n<td valign=\"top\" width=\"70%\" style=\"padding:5px 0;\"><div style=\"margin-top:5px;font-size: 20px;overflow: hidden;text-overflow: ellipsis;white-space: nowrap;font-weight:bold;color:#000000;\">Un petit chat perdu<\/div><\/td>\n<\/tr><tr><td style=\"padding:5px 0;\">\n          <div style=\"display:flex; margin-top:5px;\">\n          <div style=\"font-size:16px; color:#000000; margin-right:5px;text-wrap: nowrap;\">\u00c9mission :<\/div>\n          <a href=\"https:\/\/radioeducation.saooti.org\/main\/pub\/podcast\/736754?productor=08f2f74e-2fc3-4eb7-b5a8-4b47c9df0685\" style=\"font-size: 16px;color: #40a372;overflow: hidden;text-overflow: ellipsis;white-space: nowrap;\">Game On<\/a>\n          <\/div><\/td><\/tr>\n<tr><td style=\"padding:5px 0;\"><div style=\"overflow: hidden;display: -webkit-box;-webkit-line-clamp: 6;-webkit-box-orient: vertical;word-break: break-word;\"><p><span>Dans ce deuxi\u00e8me \u00e9pisode de \u201cGame On !\u201d, Zo\u00e9 et L\u00e9a vous pr\u00e9sente Little Kitty Big City, un jeu o\u00f9 vous incarner un chat qui doit retrouver son appartement !<\/span><\/p><\/div><\/td><\/tr>\n<tr><td valign=\"top\" style=\"padding:5px 0;\"><a href=\"https:\/\/radioeducation.saooti.org\/main\/pub\/podcast\/736754?productor=08f2f74e-2fc3-4eb7-b5a8-4b47c9df0685\" style=\"color: #40a372;\">Voir Plus<\/a><\/td><\/tr>\n<tr>\n<td width=\"1\" style=\"padding:5px 0;\"><a href=\"https:\/\/radioeducation.saooti.org\/main\/pub\/podcast\/736754?productor=08f2f74e-2fc3-4eb7-b5a8-4b47c9df0685\" style=\"font-size: 18px;color: #40a372;text-decoration: none; display:flex;\"><svg xmlns=\"http:\/\/www.w3.org\/2000\/svg\" width=\"50\" height=\"50\" viewBox=\"0 0 24 24\"><path fill=\"currentColor\" d=\"m9.5 16.5l7-4.5l-7-4.5zM12 22q-2.075 0-3.9-.788t-3.175-2.137q-1.35-1.35-2.137-3.175T2 12q0-2.075.788-3.9t2.137-3.175q1.35-1.35 3.175-2.137T12 2q2.075 0 3.9.788t3.175 2.137q1.35 1.35 2.138 3.175T22 12q0 2.075-.788 3.9t-2.137 3.175q-1.35 1.35-3.175 2.138T12 22\"\/><\/svg><div style=\"margin-top: 15px; color:#000000;\">\u00c9couter ce podcast<\/div><\/a><\/td>\n<\/tr>\n<\/table>\n\n\n\n<p>\u00e9pisode 1: <a href=\"https:\/\/playerbeta.radioeducation.saooti.org\/miniplayer\/default\/736636?distributorId=08f2f74e-2fc3-4eb7-b5a8-4b47c9df0685&amp;color=40a372&amp;theme=ffffff&amp;wave=false\" target=\"_blank\" rel=\"noreferrer noopener\">Zelda<\/a><\/p>\n\n\n\n<table style=\"background:#FFFFFF;color:#000000;table-layout: fixed;width:100%;font-size: 14px;\">\n<tr>\n<td valign=\"top\" width=\"30%\" rowspan=\"7\" style=\"padding-right:5px;\"><img decoding=\"async\" width=\"100%\" src=\"https:\/\/storage.gra.cloud.ovh.net\/v1\/AUTH_1db17c9a9c714ce39f508d240f11d920\/education-bucket\/08f2f74e-2fc3-4eb7-b5a8-4b47c9df0685\/7cf95276-58f1-497c-9880-496d4317c2e7.jpg\" alt=\"Image de l'\u00e9pisode \u201cThe Legend of Zelda : Tears of the Kingdom.\u201d\" style=\"border-radius: 4px;\"><\/td>\n<td valign=\"top\" width=\"70%\" style=\"padding:5px 0;\"><div style=\"margin-top:5px;font-size: 20px;overflow: hidden;text-overflow: ellipsis;white-space: nowrap;font-weight:bold;color:#000000;\">\u201cThe Legend of Zelda : Tears of the Kingdom.\u201d<\/div><\/td>\n<\/tr><tr><td style=\"padding:5px 0;\">\n          <div style=\"display:flex; margin-top:5px;\">\n          <div style=\"font-size:16px; color:#000000; margin-right:5px;text-wrap: nowrap;\">\u00c9mission :<\/div>\n          <a href=\"https:\/\/radioeducation.saooti.org\/main\/pub\/podcast\/736636?productor=08f2f74e-2fc3-4eb7-b5a8-4b47c9df0685\" style=\"font-size: 16px;color: #40a372;overflow: hidden;text-overflow: ellipsis;white-space: nowrap;\">Game On<\/a>\n          <\/div><\/td><\/tr>\n<tr><td style=\"padding:5px 0;\"><div style=\"overflow: hidden;display: -webkit-box;-webkit-line-clamp: 6;-webkit-box-orient: vertical;word-break: break-word;\"><p>Dans le premier \u00e9pisode de \u201cGame On !\u201d, Maryam et Zo\u00e9 vous pr\u00e9sente un des jeux les plus connus de la franchise Nintendo : <em>The Legend of Zelda<\/em>, et plus pr\u00e9cis\u00e9ment <em>Tears of the Kingdom<\/em>.<\/p><\/div><\/td><\/tr>\n<tr><td valign=\"top\" style=\"padding:5px 0;\"><a href=\"https:\/\/radioeducation.saooti.org\/main\/pub\/podcast\/736636?productor=08f2f74e-2fc3-4eb7-b5a8-4b47c9df0685\" style=\"color: #40a372;\">Voir Plus<\/a><\/td><\/tr>\n<tr>\n<td width=\"1\" style=\"padding:5px 0;\"><a href=\"https:\/\/radioeducation.saooti.org\/main\/pub\/podcast\/736636?productor=08f2f74e-2fc3-4eb7-b5a8-4b47c9df0685\" style=\"font-size: 18px;color: #40a372;text-decoration: none; display:flex;\"><svg xmlns=\"http:\/\/www.w3.org\/2000\/svg\" width=\"50\" height=\"50\" viewBox=\"0 0 24 24\"><path fill=\"currentColor\" d=\"m9.5 16.5l7-4.5l-7-4.5zM12 22q-2.075 0-3.9-.788t-3.175-2.137q-1.35-1.35-2.137-3.175T2 12q0-2.075.788-3.9t2.137-3.175q1.35-1.35 3.175-2.137T12 2q2.075 0 3.9.788t3.175 2.137q1.35 1.35 2.138 3.175T22 12q0 2.075-.788 3.9t-2.137 3.175q-1.35 1.35-3.175 2.138T12 22\"\/><\/svg><div style=\"margin-top: 15px; color:#000000;\">\u00c9couter ce podcast<\/div><\/a><\/td>\n<\/tr>\n<\/table>\n\n\n\n<p><\/p>\n\n\n\n<p><\/p>\n<\/div>\n<\/div>\n\n\n\n<p><\/p>\n\n\n\n<h2 class=\"wp-block-heading\">Saison 2023-2024<\/h2>\n\n\n\n<div class=\"wp-block-columns alignfull has-text-color has-background is-layout-flex wp-container-core-columns-is-layout-28f84493 wp-block-columns-is-layout-flex\" style=\"color:#000000;background-color:#ffffff\">\n<div class=\"wp-block-column is-layout-flow wp-block-column-is-layout-flow\">\n<h3 class=\"wp-block-heading\" style=\"font-size:24px;line-height:1.3\"><strong><a href=\"https:\/\/radioeducation.saooti.org\/main\/pub\/podcast\/10275?productor=08f2f74e-2fc3-4eb7-b5a8-4b47c9df0685\" target=\"_blank\" rel=\"noreferrer noopener\">Un mot pour les grimauds<\/a><\/strong><\/h3>\n\n\n\n<p>Les mots singuliers de la langue fran\u00e7aise n&rsquo;auront plus de secret pour vous<\/p>\n\n\n\n<p>\u00e9pisode 1: <a href=\"https:\/\/playerbeta.radioeducation.saooti.org\/miniplayer\/default\/10275?distributorId=08f2f74e-2fc3-4eb7-b5a8-4b47c9df0685&amp;color=40a372&amp;theme=ffffff&amp;wave=false\" target=\"_blank\" rel=\"noreferrer noopener\">vocif\u00e9rer<\/a><\/p>\n<\/div>\n\n\n\n<div class=\"wp-block-column is-layout-flow wp-block-column-is-layout-flow\">\n<h3 class=\"wp-block-heading\" style=\"font-size:24px;line-height:1.3\"><strong><a href=\"https:\/\/radioeducation.saooti.org\/main\/pub\/podcast\/10274?productor=08f2f74e-2fc3-4eb7-b5a8-4b47c9df0685\" target=\"_blank\" rel=\"noreferrer noopener\">WorldCulture<\/a><\/strong><\/h3>\n\n\n\n<p>Dans cette \u00e9mission, chaque semaine, tout au long de l\u2019ann\u00e9e, nous allons vous pr\u00e9senter un pays \u00e0 travers sa culture touristique, religieuse et culinaire.<\/p>\n\n\n\n<p>\u00e9pisode 1: <a href=\"https:\/\/playerbeta.radioeducation.saooti.org\/miniplayer\/default\/10274?distributorId=08f2f74e-2fc3-4eb7-b5a8-4b47c9df0685&amp;color=40a372&amp;theme=ffffff&amp;wave=false\" target=\"_blank\" rel=\"noreferrer noopener\">la Hongrie<\/a><\/p>\n\n\n\n<p>\u00e9pisode 2: <a href=\"https:\/\/playerbeta.radioeducation.saooti.org\/miniplayer\/default\/10715?distributorId=08f2f74e-2fc3-4eb7-b5a8-4b47c9df0685&amp;color=40a372&amp;theme=ffffff&amp;wave=false\" target=\"_blank\" rel=\"noreferrer noopener\">la Colombie<\/a><\/p>\n\n\n\n<p>\u00e9pisode: <a href=\"https:\/\/playerbeta.radioeducation.saooti.org\/miniplayer\/default\/11038?distributorId=08f2f74e-2fc3-4eb7-b5a8-4b47c9df0685&amp;color=40a372&amp;theme=ffffff&amp;wave=false\" target=\"_blank\" rel=\"noreferrer noopener\">La Tha\u00eflande<\/a><\/p>\n\n\n\n<p>\u00e9pisode 4: <a href=\"https:\/\/playerbeta.radioeducation.saooti.org\/miniplayer\/default\/11393?distributorId=08f2f74e-2fc3-4eb7-b5a8-4b47c9df0685&amp;color=40a372&amp;theme=ffffff&amp;wave=false\" target=\"_blank\" rel=\"noreferrer noopener\">La Cote d&rsquo;Ivoire<\/a><\/p>\n<\/div>\n<\/div>\n\n\n\n<div class=\"wp-block-columns alignfull has-text-color has-background is-layout-flex wp-container-core-columns-is-layout-28f84493 wp-block-columns-is-layout-flex\" style=\"color:#000000;background-color:#ffffff\">\n<div class=\"wp-block-column is-layout-flow wp-block-column-is-layout-flow\">\n<h3 class=\"wp-block-heading\" style=\"font-size:24px;line-height:1.3\"><strong><a href=\"https:\/\/radioeducation.saooti.org\/main\/pub\/podcast\/10180?productor=08f2f74e-2fc3-4eb7-b5a8-4b47c9df0685\" target=\"_blank\" rel=\"noreferrer noopener\">Les femmes ayant marqu\u00e9 l\u2019Histoire<\/a><\/strong><\/h3>\n\n\n\n<p>Chaque semaine, nous allons vous pr\u00e9senter des femmes ayant marqu\u00e9 l\u2019Histoire. Nous partirons de N\u00e9fertiti jusqu\u2019\u00e0 nos jours en pr\u00e9sentant leur vie, leurs id\u00e9aux et leurs combats. Nous expliquerons leur influence politique, culturelle ou encore scientifique sur la soci\u00e9t\u00e9 actuelle. <br>Nous sommes deux \u00e9l\u00e8ves de troisi\u00e8me. <br><\/p>\n\n\n\n<div class=\"wp-block-media-text is-stacked-on-mobile\" style=\"grid-template-columns:20% auto\"><figure class=\"wp-block-media-text__media\"><a href=\"https:\/\/playerbeta.radioeducation.saooti.org\/miniplayer\/default\/10180?distributorId=08f2f74e-2fc3-4eb7-b5a8-4b47c9df0685&amp;color=40a372&amp;theme=ffffff&amp;wave=false\"><img loading=\"lazy\" decoding=\"async\" width=\"699\" height=\"1024\" src=\"https:\/\/www.collegejeanlurcat.com\/site\/wp-content\/uploads\/2024\/05\/738px-Nofretete_Neues_Museum-699x1024.jpg\" alt=\"\" class=\"wp-image-1185 size-full\" srcset=\"https:\/\/www.collegejeanlurcat.com\/site\/wp-content\/uploads\/2024\/05\/738px-Nofretete_Neues_Museum-699x1024.jpg 699w, https:\/\/www.collegejeanlurcat.com\/site\/wp-content\/uploads\/2024\/05\/738px-Nofretete_Neues_Museum-205x300.jpg 205w, https:\/\/www.collegejeanlurcat.com\/site\/wp-content\/uploads\/2024\/05\/738px-Nofretete_Neues_Museum.jpg 738w\" sizes=\"auto, (max-width: 699px) 100vw, 699px\" \/><\/a><\/figure><div class=\"wp-block-media-text__content\">\n<p>Nous commenceront cette s\u00e9rie d\u2019\u00e9missions avec <a href=\"https:\/\/playerbeta.radioeducation.saooti.org\/miniplayer\/default\/10180?distributorId=08f2f74e-2fc3-4eb7-b5a8-4b47c9df0685&amp;color=40a372&amp;theme=ffffff&amp;wave=false\" target=\"_blank\" rel=\"noreferrer noopener\">N\u00e9fertiti<\/a><\/p>\n<\/div><\/div>\n<\/div>\n\n\n\n<div class=\"wp-block-column is-layout-flow wp-block-column-is-layout-flow\">\n<h3 class=\"wp-block-heading\"><a href=\"https:\/\/radioeducation.saooti.org\/main\/pub\/podcast\/10434\" data-type=\"link\" data-id=\"https:\/\/radioeducation.saooti.org\/main\/pub\/podcast\/10434\" target=\"_blank\" rel=\"noreferrer noopener\"><strong>Question pour un geek<\/strong><\/a><\/h3>\n\n\n\n<figure class=\"wp-block-image size-full is-resized\"><a href=\"https:\/\/radioeducation.saooti.org\/main\/pub\/emission\/2178\"><img loading=\"lazy\" decoding=\"async\" width=\"500\" height=\"500\" src=\"https:\/\/www.collegejeanlurcat.com\/site\/wp-content\/uploads\/2024\/05\/Question-pour.png\" alt=\"\" class=\"wp-image-1110\" style=\"width:211px;height:auto\" srcset=\"https:\/\/www.collegejeanlurcat.com\/site\/wp-content\/uploads\/2024\/05\/Question-pour.png 500w, https:\/\/www.collegejeanlurcat.com\/site\/wp-content\/uploads\/2024\/05\/Question-pour-300x300.png 300w, https:\/\/www.collegejeanlurcat.com\/site\/wp-content\/uploads\/2024\/05\/Question-pour-150x150.png 150w\" sizes=\"auto, (max-width: 500px) 100vw, 500px\" \/><\/a><\/figure>\n\n\n\n<p>Tout sur la culture geek<\/p>\n\n\n\n<p>\u00e9pisode 1: <a href=\"https:\/\/playerbeta.radioeducation.saooti.org\/miniplayer\/default\/10434?distributorId=08f2f74e-2fc3-4eb7-b5a8-4b47c9df0685&amp;color=40a372&amp;theme=ffffff&amp;wave=false\" target=\"_blank\" rel=\"noreferrer noopener\">les geek<\/a><\/p>\n<\/div>\n<\/div>\n\n\n\n\n\n<div class=\"wp-block-media-text is-stacked-on-mobile\" style=\"grid-template-columns:43% auto\"><figure class=\"wp-block-media-text__media\"><a href=\"https:\/\/playerbeta.radioeducation.saooti.org\/miniplayer\/default\/11041?distributorId=08f2f74e-2fc3-4eb7-b5a8-4b47c9df0685&amp;color=40a372&amp;theme=ffffff&amp;wave=false\"><img loading=\"lazy\" decoding=\"async\" width=\"1024\" height=\"858\" src=\"https:\/\/www.collegejeanlurcat.com\/site\/wp-content\/uploads\/2024\/06\/ITWGregLesca-scaled-e1718709556208-1024x858.jpg\" alt=\"\" class=\"wp-image-1240 size-full\" srcset=\"https:\/\/www.collegejeanlurcat.com\/site\/wp-content\/uploads\/2024\/06\/ITWGregLesca-scaled-e1718709556208-1024x858.jpg 1024w, https:\/\/www.collegejeanlurcat.com\/site\/wp-content\/uploads\/2024\/06\/ITWGregLesca-scaled-e1718709556208-300x251.jpg 300w, https:\/\/www.collegejeanlurcat.com\/site\/wp-content\/uploads\/2024\/06\/ITWGregLesca-scaled-e1718709556208-768x643.jpg 768w, https:\/\/www.collegejeanlurcat.com\/site\/wp-content\/uploads\/2024\/06\/ITWGregLesca-scaled-e1718709556208-1536x1286.jpg 1536w, https:\/\/www.collegejeanlurcat.com\/site\/wp-content\/uploads\/2024\/06\/ITWGregLesca-scaled-e1718709556208.jpg 1920w\" sizes=\"auto, (max-width: 1024px) 100vw, 1024px\" \/><\/a><\/figure><div class=\"wp-block-media-text__content\">\n<p>Le 29 mars, dans le cadre de la semaine de la presse et des media, nous avons re\u00e7u Gregory Lesca, directeur adjoint du matin sur<a href=\"https:\/\/www.rfi.fr\/fr\/\" target=\"_blank\" rel=\"noreferrer noopener\"> Radio France Internationale<\/a>. L&rsquo;occasion pour nos journalistes en herbe de pr\u00e9parer une belle interview, et de lui proposer d&rsquo;\u00e9couter leurs premi\u00e8res \u00e9missions de radio.<\/p>\n\n\n\n<p>Cette rencontre nous a permis de r\u00e9aliser une \u00e9mission en deux parties que nous vous proposons:<\/p>\n\n\n\n<ul class=\"wp-block-list\">\n<li><a href=\"https:\/\/playerbeta.radioeducation.saooti.org\/miniplayer\/default\/11041?distributorId=08f2f74e-2fc3-4eb7-b5a8-4b47c9df0685&amp;color=40a372&amp;theme=ffffff&amp;wave=false\" target=\"_blank\" rel=\"noreferrer noopener\">Les Questions-r\u00e9ponses<\/a> o\u00f9 Gregory Lesca arrive \u00e0 d\u00e9velopper des r\u00e9ponses aux questions mitraillettes de journalistes avides<\/li>\n\n\n\n<li><a href=\"https:\/\/playerbeta.radioeducation.saooti.org\/miniplayer\/default\/11042?distributorId=08f2f74e-2fc3-4eb7-b5a8-4b47c9df0685&amp;color=40a372&amp;theme=ffffff&amp;wave=false\" target=\"_blank\" rel=\"noreferrer noopener\">L&rsquo;\u00e9coute des \u00e9missions <\/a>o\u00f9 il d\u00e9crypte d&rsquo;une oreille aiguis\u00e9e les \u00e9missions tr\u00e8s r\u00e9ussies de nos \u00e9l\u00e8ves<\/li>\n<\/ul>\n<\/div><\/div>\n","protected":false},"excerpt":{"rendered":"<p>Depuis la rentr\u00e9e 2023 le coll\u00e8ge propose un club webradio. Il est ouvert \u00e0 tous les \u00e9l\u00e8ves de 4e et de 3e, chaque mardi de 12h30 \u00e0 13h30. \u00c9ducation aux m\u00e9dias, enregistrements, montage, les \u00e9l\u00e8ves apprennent petit \u00e0 petit \u00e0 devenir autonome pour produire leur propre \u00e9mission de radio. Voici leurs productions \u00c9mission sp\u00e9ciale Un [&hellip;]<\/p>\n","protected":false},"author":1,"featured_media":0,"parent":148,"menu_order":0,"comment_status":"closed","ping_status":"closed","template":"","meta":{"footnotes":""},"class_list":["post-1094","page","type-page","status-publish","hentry"],"_links":{"self":[{"href":"https:\/\/www.collegejeanlurcat.com\/site\/wp-json\/wp\/v2\/pages\/1094","targetHints":{"allow":["GET"]}}],"collection":[{"href":"https:\/\/www.collegejeanlurcat.com\/site\/wp-json\/wp\/v2\/pages"}],"about":[{"href":"https:\/\/www.collegejeanlurcat.com\/site\/wp-json\/wp\/v2\/types\/page"}],"author":[{"embeddable":true,"href":"https:\/\/www.collegejeanlurcat.com\/site\/wp-json\/wp\/v2\/users\/1"}],"replies":[{"embeddable":true,"href":"https:\/\/www.collegejeanlurcat.com\/site\/wp-json\/wp\/v2\/comments?post=1094"}],"version-history":[{"count":49,"href":"https:\/\/www.collegejeanlurcat.com\/site\/wp-json\/wp\/v2\/pages\/1094\/revisions"}],"predecessor-version":[{"id":1489,"href":"https:\/\/www.collegejeanlurcat.com\/site\/wp-json\/wp\/v2\/pages\/1094\/revisions\/1489"}],"up":[{"embeddable":true,"href":"https:\/\/www.collegejeanlurcat.com\/site\/wp-json\/wp\/v2\/pages\/148"}],"wp:attachment":[{"href":"https:\/\/www.collegejeanlurcat.com\/site\/wp-json\/wp\/v2\/media?parent=1094"}],"curies":[{"name":"wp","href":"https:\/\/api.w.org\/{rel}","templated":true}]}}