{"id":1098,"date":"2024-05-07T07:51:26","date_gmt":"2024-05-07T07:51:26","guid":{"rendered":"https:\/\/www.collegejeanlurcat.com\/site\/?page_id=1098"},"modified":"2025-06-02T16:30:50","modified_gmt":"2025-06-02T16:30:50","slug":"2021-2023","status":"publish","type":"page","link":"https:\/\/www.collegejeanlurcat.com\/site\/web-radio-du-college\/2021-2023\/","title":{"rendered":"2022-2023"},"content":{"rendered":"\n<p>Voici les \u00e9missions de notre webradio, r\u00e9alis\u00e9es entre septembre 2022 et juin 2023<\/p>\n\n\n\n<h2 class=\"wp-block-heading\">Halima Guerroumi: les femmes alg\u00e9riennes<\/h2>\n\n\n\n<iframe loading=\"lazy\" src=\"https:\/\/playerbeta.radioeducation.saooti.org\/miniplayer\/default\/5624?distributorId=08f2f74e-2fc3-4eb7-b5a8-4b47c9df0685&#038;color=40a372&#038;theme=ffffff\" width=\"100%\" height=\"520px\" scrolling=\"no\" frameborder=\"0\"><\/iframe>\n\n\n\n<p>D&rsquo;o\u00f9 vient ton inspiration ?<\/p>\n\n\n\n<p>Qu&rsquo;est-ce qui, selon toi, est le plus important dans la vie ?<\/p>\n\n\n\n<p>Pourquoi et comment transmettre ?<\/p>\n\n\n\n<p>Quelques-unes des questions que les \u00e9l\u00e8ves de 4\u00e8meB du coll\u00e8ge Jean Lur\u00e7at de Villejuif ont pos\u00e9es \u00e0 Halima Guerroumi, auteure de l&rsquo;album \u00ab\u00a0<a href=\"http:\/\/www.collegejeanlurcat.com\/pmb7\/opac_css\/index.php?lvl=notice_display&amp;id=12018\" target=\"_blank\" rel=\"noreferrer noopener\">Figures Alg\u00e9riennes<\/a>\u00a0\u00bb (Broch\u00e9, 2021), qu&rsquo;ils ont r\u00e9cemment rencontr\u00e9e \u00e0 l&rsquo;Institut du monde arabe.<\/p>\n\n\n\n<p>Dans cette premi\u00e8re partie aux accents parfois philosophiques se m\u00ealent la question des origines et de la transmission d&rsquo;un matrimoine&#8230;<\/p>\n\n\n\n<p>Bon voyage \u00e0 nos auditeurs !<\/p>\n\n\n\n<p>Une s\u00e9quence r\u00e9alis\u00e9e en collaboration avec M. Bruneau, professeur d&rsquo;histoire-g\u00e9ographie et EMC au coll\u00e8ge Jean-Lur\u00e7at<\/p>\n\n\n\n<iframe loading=\"lazy\" src=\"https:\/\/playerbeta.radioeducation.saooti.org\/miniplayer\/default\/5629?distributorId=08f2f74e-2fc3-4eb7-b5a8-4b47c9df0685&#038;color=40a372&#038;theme=ffffff\" width=\"100%\" height=\"520px\" scrolling=\"no\" frameborder=\"0\"><\/iframe>\n\n\n\n<p>Pourquoi, pour qui avoir \u00e9crit et illustr\u00e9 ce livre ?<\/p>\n\n\n\n<p>Pourquoi \u00e9tait-il important pour toi de pr\u00e9senter ces 43 portraits de femmes ?<\/p>\n\n\n\n<p>La c\u00e9l\u00e8bre peintre alg\u00e9rienne Baya, expos\u00e9e en ce moment \u00e0 l&rsquo;Institut du monde arabe, est-elle une source d&rsquo;inspiration pour tes portraits color\u00e9s et joyeux ?<\/p>\n\n\n\n<p>Quelques-unes des questions que les \u00e9l\u00e8ves de 4\u00e8meB du coll\u00e8ge Jean Lur\u00e7at de Villejuif ont pos\u00e9es \u00e0 Halima Guerroumi, auteure de l&rsquo;album \u00ab\u00a0Figures Alg\u00e9riennes\u00a0\u00bb (Broch\u00e9, 2021), qu&rsquo;ils ont r\u00e9cemment rencontr\u00e9e \u00e0 l&rsquo;Institut du monde arabe.<\/p>\n\n\n\n<p>Dans cette deuxi\u00e8me partie, centr\u00e9e notamment sur la cr\u00e9ation artistique, la place des femmes dans l&rsquo;Histoire et l&rsquo;Histoire de l&rsquo;art, Halima met en avant sa d\u00e9marche artistique et militante, visant \u00e0 r\u00e9habiliter certaines figures oubli\u00e9es.<\/p>\n\n\n\n<p>Bon voyage \u00e0 nos auditeurs !<\/p>\n\n\n\n<p>Une s\u00e9quence r\u00e9alis\u00e9e en collaboration avec M. Bruneau, professeur d&rsquo;histoire-g\u00e9ographie et EMC au coll\u00e8ge Jean-Lur\u00e7at<\/p>\n\n\n\n<p><\/p>\n\n\n\n<h2 class=\"wp-block-heading\">Femmes et sciences<\/h2>\n\n\n\n<h3 class=\"wp-block-heading\">Interview de Matteo Barsuglia au laboratoire <a href=\"https:\/\/www.pariscosmo.fr\/en\/home\/\" target=\"_blank\" rel=\"noreferrer noopener\">PPCP<\/a><\/h3>\n\n\n\n<p>Pendant l&rsquo;ann\u00e9e scolaire 2021-2022 les \u00e9l\u00e8ves de 3B ont travaill\u00e9 en partenariat avec un laboratoire du CNRS sur le cosmos. Ils ont tent\u00e9 de r\u00e9pondre \u00e0 deux probl\u00e9matiques:<\/p>\n\n\n\n<ul class=\"wp-block-list\">\n<li>Quelle est la place des femmes dans les laboratoire de recherche scientifique?<\/li>\n\n\n\n<li>Comment vulgariser la recherche fondamentale en sciences physiques aupr\u00e8s au coll\u00e8ge?<\/li>\n<\/ul>\n\n\n\n<p>Ils ont visit\u00e9 les locaux du PCCP, le Paris Centre for Cosmological Physics, rattach\u00e9 au laboratoire AstroParticule et Cosmologie du CNRS, de l&rsquo;Universit\u00e9 de Paris, du CEA et de l&rsquo;Observatoire de Paris, o\u00f9 les chercheurs \u00e9tudient l&rsquo;origine et la dynamique de l&rsquo;Univers, la gravitation, et les d\u00e9tecteurs pour les mesurer.<\/p>\n\n\n\n<p>Ils ont accueilli en retour deux chercheurs au coll\u00e8ge pour des conf\u00e9rences sur chacune de leur deux probl\u00e9matiques.<\/p>\n\n\n\n<p>Pour rendre compte de tout ce travail, il ont r\u00e9alis\u00e9 des podcasts radiophoniques dont le premier publi\u00e9 est l&rsquo;interview du directeur de recherches Matteo Barsuglia, sur la place des femmes au PCCP:<\/p>\n\n\n\n<iframe loading=\"lazy\" src=\"https:\/\/playerbeta.radioeducation.saooti.org\/miniplayer\/default\/4523?distributorId=08f2f74e-2fc3-4eb7-b5a8-4b47c9df0685&amp;color=40a372&amp;theme=ffffff\" scrolling=\"no\" width=\"100%\" height=\"520px\" frameborder=\"0\"><\/iframe>\n\n\n\n<p>Un projet men\u00e9 avec M. Cosotti, professeur de sciences physiques au coll\u00e8ge Jean-Lur\u00e7at, et Mme Vannoni, cheffe de projet au PPCP.<\/p>\n\n\n\n<h2 class=\"wp-block-heading\">Atelier de remobilisation<\/h2>\n\n\n\n<h3 class=\"wp-block-heading\">Interview d&rsquo;Alicia Demore<\/h3>\n\n\n\n<p>En mai 2021, certains \u00e9l\u00e8ves de 5e ont r\u00e9alis\u00e9 diff\u00e9rents projets avec l&rsquo;objectif de remobiliser leur app\u00e9tance pour les apprentissages. A cette occasions, ils ontinterview\u00e9 Alice Demore, charg\u00e9e des relations avec les publics au th\u00e9\u00e2tre Antoine-Vitez d&rsquo;Ivry-sur-Seine. Le travail des \u00e9l\u00e8ves a eu pour th\u00e8me les arts du cirque.<\/p>\n\n\n\n<iframe loading=\"lazy\" src=\"https:\/\/playerbeta.radioeducation.saooti.org\/miniplayer\/default\/3957?distributorId=08f2f74e-2fc3-4eb7-b5a8-4b47c9df0685&amp;color=40a372&amp;theme=ffffff\" scrolling=\"no\" width=\"100%\" height=\"520px\" frameborder=\"0\">&lt;\/iframe><\/iframe>\n\n\n\n<h2 class=\"wp-block-heading\">Education aux m\u00e9dias<\/h2>\n\n\n\n<h3 class=\"wp-block-heading\">Interview d&rsquo;Alexis Poulin, journaliste ind\u00e9pendant<\/h3>\n\n\n\n<p>Les \u00e9l\u00e8ves de 3B ont interview\u00e9 en juin 2021 le journaliste ind\u00e9pendant Alexis Poulin. En presque professionnels du journalisme, ils ont d\u00e9couvert avec lui les diff\u00e9rentes facettes de ce passionnant m\u00e9tier.<\/p>\n\n\n\n<iframe loading=\"lazy\" src=\"https:\/\/playerbeta.radioeducation.saooti.org\/miniplayer\/default\/3958?distributorId=08f2f74e-2fc3-4eb7-b5a8-4b47c9df0685&amp;color=40a372&amp;theme=ffffff\" scrolling=\"no\" width=\"100%\" height=\"520px\" frameborder=\"0\"><\/iframe>\n\n\n\n<h2 class=\"wp-block-heading\">La classe internationale<\/h2>\n\n\n\n<h3 class=\"wp-block-heading\">Une \u00e9mission o\u00f9 les \u00e9l\u00e8ves d&rsquo;UPE2A se d\u00e9voilent<\/h3>\n\n\n\n<p>L&rsquo;UPE2A, acronyme pour l&rsquo;unit\u00e9 p\u00e9dagogique pour les \u00e9l\u00e8ves allophones arrivant, est d\u00e9stin\u00e9e aux \u00e9l\u00e8ves nouvellement arriv\u00e9s en France et ne ma\u00eetrisant pas encore suffisamment la langue fran\u00e7aise pour suivre les cours. Ils disposent d&rsquo;un emploi du temps am\u00e9nag\u00e9 pendant un an, pendant lequel ils travaillent en priorit\u00e9 la langue fran\u00e7aise, mais aussi les math\u00e9matiques, l&rsquo;anglais, l&rsquo;histoire g\u00e9ographie et l&rsquo;EPS. <\/p>\n\n\n\n<p>Les podcasts de cette \u00e9mission ont \u00e9t\u00e9 r\u00e9alis\u00e9s lors d&rsquo;une s\u00e9quence de travail sur l&rsquo;\u00e9criture de soi, et l&rsquo;oralit\u00e9. <\/p>\n\n\n<ul class=\"wp-block-rss\"><li class='wp-block-rss__item'><div class='wp-block-rss__item-title'><a href='https:\/\/radioeducation.saooti.org\/main\/pub\/podcast\/3831'>Le bonheur de Sarra<\/a><\/div><\/li><li class='wp-block-rss__item'><div class='wp-block-rss__item-title'><a href='https:\/\/radioeducation.saooti.org\/main\/pub\/podcast\/3830'>Le roman d&#039;une jeune fille calme, Francheska<\/a><\/div><\/li><li class='wp-block-rss__item'><div class='wp-block-rss__item-title'><a href='https:\/\/radioeducation.saooti.org\/main\/pub\/podcast\/3829'>Cau\u00e3 (lire Caouin) le petit br\u00e9silien<\/a><\/div><\/li><li class='wp-block-rss__item'><div class='wp-block-rss__item-title'><a href='https:\/\/radioeducation.saooti.org\/main\/pub\/podcast\/3828'>Le grand Sekou Tandia<\/a><\/div><\/li><li class='wp-block-rss__item'><div class='wp-block-rss__item-title'><a href='https:\/\/radioeducation.saooti.org\/main\/pub\/podcast\/3827'>Le sourire de Nicoleta<\/a><\/div><\/li><\/ul>","protected":false},"excerpt":{"rendered":"<p>Voici les \u00e9missions de notre webradio, r\u00e9alis\u00e9es entre septembre 2022 et juin 2023 Halima Guerroumi: les femmes alg\u00e9riennes D&rsquo;o\u00f9 vient ton inspiration ? Qu&rsquo;est-ce qui, selon toi, est le plus important dans la vie ? Pourquoi et comment transmettre ? Quelques-unes des questions que les \u00e9l\u00e8ves de 4\u00e8meB du coll\u00e8ge Jean Lur\u00e7at de Villejuif ont [&hellip;]<\/p>\n","protected":false},"author":1,"featured_media":0,"parent":148,"menu_order":0,"comment_status":"closed","ping_status":"closed","template":"","meta":{"footnotes":""},"class_list":["post-1098","page","type-page","status-publish","hentry"],"_links":{"self":[{"href":"https:\/\/www.collegejeanlurcat.com\/site\/wp-json\/wp\/v2\/pages\/1098","targetHints":{"allow":["GET"]}}],"collection":[{"href":"https:\/\/www.collegejeanlurcat.com\/site\/wp-json\/wp\/v2\/pages"}],"about":[{"href":"https:\/\/www.collegejeanlurcat.com\/site\/wp-json\/wp\/v2\/types\/page"}],"author":[{"embeddable":true,"href":"https:\/\/www.collegejeanlurcat.com\/site\/wp-json\/wp\/v2\/users\/1"}],"replies":[{"embeddable":true,"href":"https:\/\/www.collegejeanlurcat.com\/site\/wp-json\/wp\/v2\/comments?post=1098"}],"version-history":[{"count":3,"href":"https:\/\/www.collegejeanlurcat.com\/site\/wp-json\/wp\/v2\/pages\/1098\/revisions"}],"predecessor-version":[{"id":1469,"href":"https:\/\/www.collegejeanlurcat.com\/site\/wp-json\/wp\/v2\/pages\/1098\/revisions\/1469"}],"up":[{"embeddable":true,"href":"https:\/\/www.collegejeanlurcat.com\/site\/wp-json\/wp\/v2\/pages\/148"}],"wp:attachment":[{"href":"https:\/\/www.collegejeanlurcat.com\/site\/wp-json\/wp\/v2\/media?parent=1098"}],"curies":[{"name":"wp","href":"https:\/\/api.w.org\/{rel}","templated":true}]}}